{"id":7555,"date":"2024-09-13T07:26:04","date_gmt":"2024-09-13T07:26:04","guid":{"rendered":"https:\/\/www.upg-ploiesti.ro\/?page_id=7555"},"modified":"2024-10-14T08:02:25","modified_gmt":"2024-10-14T08:02:25","slug":"proiecte-de-dezvoltare","status":"publish","type":"page","link":"https:\/\/www.upg-ploiesti.ro\/index.php\/proiecte-de-dezvoltare\/","title":{"rendered":"PROIECTE DE DEZVOLTARE"},"content":{"rendered":"\t\t<div data-elementor-type=\"wp-page\" data-elementor-id=\"7555\" class=\"elementor elementor-7555\">\n\t\t\t\t<div class=\"elementor-element elementor-element-eeea6e9 e-flex e-con-boxed wpr-particle-no wpr-jarallax-no wpr-parallax-no wpr-sticky-section-no wpr-equal-height-no e-con e-parent\" data-id=\"eeea6e9\" data-element_type=\"container\" data-e-type=\"container\">\n\t\t\t\t\t<div class=\"e-con-inner\">\n\t\t\t\t<div class=\"elementor-element elementor-element-54a9a20 elementor-widget elementor-widget-spacer\" data-id=\"54a9a20\" data-element_type=\"widget\" data-e-type=\"widget\" data-widget_type=\"spacer.default\">\n\t\t\t\t<div class=\"elementor-widget-container\">\n\t\t\t\t\t\t\t<div class=\"elementor-spacer\">\n\t\t\t<div class=\"elementor-spacer-inner\"><\/div>\n\t\t<\/div>\n\t\t\t\t\t\t<\/div>\n\t\t\t\t<\/div>\n\t\t\t\t\t<\/div>\n\t\t\t\t<\/div>\n\t\t<div class=\"elementor-element elementor-element-ab11bad e-flex e-con-boxed wpr-particle-no wpr-jarallax-no wpr-parallax-no wpr-sticky-section-no wpr-equal-height-no e-con e-parent\" data-id=\"ab11bad\" data-element_type=\"container\" data-e-type=\"container\">\n\t\t\t\t\t<div class=\"e-con-inner\">\n\t\t\t\t<div class=\"elementor-element elementor-element-2d5eb84 elementor-widget elementor-widget-text-editor\" data-id=\"2d5eb84\" data-element_type=\"widget\" data-e-type=\"widget\" data-widget_type=\"text-editor.default\">\n\t\t\t\t<div class=\"elementor-widget-container\">\n\t\t\t\t\t\t\t\t\t<h4><strong>Proiecte de dezvoltare:<\/strong><\/h4><p>Departamentul pentru Preg\u0103tirea Personalului Didactic din cadrul Universit\u0103\u0163ii Petrol \u2013 Gaze din Ploiesti este \u00een prezent partener \u00een urm\u0103toarele dou\u0103 proiecte POSDRU:<\/p><ol><li style=\"list-style-type: none;\"><ol><li>Dezvoltarea competen\u0163elor antreprenoriale \u2013 o alternativ\u0103 eficient\u0103 de adaptare la pia\u0163a muncii \u00een societatea informa\u0163ional\u0103 (POSDRU\/92\/3.1.\/ S\/ 62353);<\/li><li>Profesionalizarea carierei didactice \u2013 noi competen\u0163e pentru actori ai schimb\u0103rilor \u00een educa\u0163ie din jude\u0163ele Prahova \u015fi Br\u0103ila (POSDRU\/87\/1.3.\/S\/63329).<\/li><\/ol><\/li><\/ol><p>\u00a0Mai multe am\u0103nunte despre def\u0103\u015furarea acestor programe pot fi ob\u0163inute din documentele urm\u0103toare:<\/p><p style=\"text-align: left;\"><u><strong>POSDRU\/92\/3.1.\/ S\/ 62353<\/strong><\/u><\/p><h5><span style=\"text-decoration: underline;\"><strong>Buletine de \u015ftiri:<\/strong><\/span><\/h5><ul><li style=\"list-style-type: none;\"><ul><li style=\"list-style-type: none;\"><ul><li><span style=\"color: #333399;\"><a style=\"color: #333399;\" href=\"http:\/\/www.upg-ploiesti.ro\/wp-content\/uploads\/2024\/10\/newsletter_nr11_iulie_2013-1.pdf\">Buletin de \u015ftiri nr. 11 \u2013 iulie 2013<\/a><\/span><\/li><li><span style=\"color: #333399;\"><a style=\"color: #333399;\" href=\"http:\/\/www.upg-ploiesti.ro\/wp-content\/uploads\/2024\/10\/newsletter_nr10_iunie_2013-1.pdf\">Buletin de \u015ftiri nr. 10 \u2013 iunie 2013<\/a><\/span><\/li><li><span style=\"color: #333399;\"><a style=\"color: #333399;\" href=\"http:\/\/www.upg-ploiesti.ro\/wp-content\/uploads\/2024\/10\/newsletter_nr9_mai_2013-1.pdf\">Buletin de \u015ftiri nr. 9 \u2013 mai 2013<\/a><\/span><\/li><li><span style=\"color: #333399;\"><a style=\"color: #333399;\" href=\"http:\/\/www.upg-ploiesti.ro\/wp-content\/uploads\/2024\/10\/newsletter_nr8_apr_2013-1.pdf\">Buletin de \u015ftiri nr. 8 \u2013 aprilie 2013<\/a><\/span><\/li><li><span style=\"color: #333399;\"><a style=\"color: #333399;\" href=\"http:\/\/www.upg-ploiesti.ro\/wp-content\/uploads\/2024\/10\/newsletter_nr7_mar_2013-1.pdf\">Buletin de \u015ftiri nr. 7 \u2013 martie 2013<\/a><\/span><\/li><li><span style=\"color: #333399;\"><a style=\"color: #333399;\" href=\"http:\/\/www.upg-ploiesti.ro\/wp-content\/uploads\/2024\/10\/newsletter_nr6_feb_2013-1.pdf\">Buletin de \u015ftiri nr. 6 \u2013 februarie 2013<\/a><\/span><\/li><li><span style=\"color: #333399;\"><a style=\"color: #333399;\" href=\"http:\/\/www.upg-ploiesti.ro\/wp-content\/uploads\/2024\/10\/newsletter_nr5_ian_2013-1.pdf\">Buletin de \u015ftiri nr. 5 \u2013 ianuarie 2013<\/a><\/span><\/li><li><span style=\"color: #333399;\"><a style=\"color: #333399;\" href=\"http:\/\/www.upg-ploiesti.ro\/wp-content\/uploads\/2024\/10\/newsletter_nr4_dec_2012-1.pdf\">Buletin de \u015ftiri nr. 4 \u2013 decembrie 2012<\/a><\/span><\/li><li><span style=\"color: #333399;\"><a style=\"color: #333399;\" href=\"http:\/\/www.upg-ploiesti.ro\/wp-content\/uploads\/2024\/10\/newsletter_nr3_nov_2012-1.pdf\">Buletin de \u015ftiri nr. 3 \u2013 noiembrie 2012<\/a><\/span><\/li><\/ul><\/li><\/ul><\/li><\/ul>\t\t\t\t\t\t\t\t<\/div>\n\t\t\t\t<\/div>\n\t\t\t\t\t<\/div>\n\t\t\t\t<\/div>\n\t\t<div class=\"elementor-element elementor-element-457c89d e-flex e-con-boxed wpr-particle-no wpr-jarallax-no wpr-parallax-no wpr-sticky-section-no wpr-equal-height-no e-con e-parent\" data-id=\"457c89d\" data-element_type=\"container\" data-e-type=\"container\">\n\t\t\t\t\t<div class=\"e-con-inner\">\n\t\t\t\t<div class=\"elementor-element elementor-element-32da19a elementor-widget-divider--view-line elementor-widget elementor-widget-divider\" data-id=\"32da19a\" data-element_type=\"widget\" data-e-type=\"widget\" data-widget_type=\"divider.default\">\n\t\t\t\t<div class=\"elementor-widget-container\">\n\t\t\t\t\t\t\t<div class=\"elementor-divider\">\n\t\t\t<span class=\"elementor-divider-separator\">\n\t\t\t\t\t\t<\/span>\n\t\t<\/div>\n\t\t\t\t\t\t<\/div>\n\t\t\t\t<\/div>\n\t\t\t\t\t<\/div>\n\t\t\t\t<\/div>\n\t\t<div class=\"elementor-element elementor-element-0c6fb4b e-flex e-con-boxed wpr-particle-no wpr-jarallax-no wpr-parallax-no wpr-sticky-section-no wpr-equal-height-no e-con e-parent\" data-id=\"0c6fb4b\" data-element_type=\"container\" data-e-type=\"container\">\n\t\t\t\t\t<div class=\"e-con-inner\">\n\t\t\t\t<div class=\"elementor-element elementor-element-6ec1314 elementor-widget elementor-widget-text-editor\" data-id=\"6ec1314\" data-element_type=\"widget\" data-e-type=\"widget\" data-widget_type=\"text-editor.default\">\n\t\t\t\t<div class=\"elementor-widget-container\">\n\t\t\t\t\t\t\t\t\t<h5><strong>Documente finalizare cursuri grupele 3 \u015fi 4:\u00a0<\/strong><\/h5><ul><li style=\"list-style-type: none;\"><ul><li style=\"list-style-type: none;\"><ul><li><span style=\"color: #333399;\"><a style=\"color: #333399;\" href=\"http:\/\/www.upg-ploiesti.ro\/wp-content\/uploads\/2024\/10\/PV-g-3-evaluare-planuri-afacere-1.pdf\">Proces verbal evaluare planuri de afaceri grupa 3<\/a><\/span><\/li><li><span style=\"color: #333399;\"><a style=\"color: #333399;\" href=\"http:\/\/www.upg-ploiesti.ro\/wp-content\/uploads\/2024\/10\/PV-g-4-evaluare-planuri-afacere-1.pdf\">Proces verbal evaluare planuri de afaceri grupa 4<\/a><\/span><\/li><li><span style=\"color: #333399;\"><a style=\"color: #333399;\" href=\"http:\/\/www.upg-ploiesti.ro\/wp-content\/uploads\/2024\/10\/PV-g-3-participare-1.pdf\">Proces verbal de acordare a subven\u0163iilor de tip participare grupa 3<\/a><\/span><\/li><li><span style=\"color: #333399;\"><a style=\"color: #333399;\" href=\"http:\/\/www.upg-ploiesti.ro\/wp-content\/uploads\/2024\/10\/PV-g-4-participare-1.pdf\">Proces verbal de acordare a subven\u0163iilor de tip participare grupa 4<\/a><\/span><\/li><li><span style=\"color: #333399;\"><a style=\"color: #333399;\" href=\"http:\/\/www.upg-ploiesti.ro\/wp-content\/uploads\/2024\/10\/PV-g-3-premii-1.pdf\">Proces verbal de acordare a subven\u0163iilor de tip premiu grupa 3<\/a><\/span><\/li><li><span style=\"color: #333399;\"><a style=\"color: #333399;\" href=\"http:\/\/www.upg-ploiesti.ro\/wp-content\/uploads\/2024\/10\/PV-g-4-premii-1.pdf\">Proces verbal de acordare a subven\u0163iilor de tip premiu grupa 4<\/a><\/span><\/li><li><span style=\"color: #333399;\"><a style=\"color: #333399;\" href=\"http:\/\/www.upg-ploiesti.ro\/wp-content\/uploads\/2024\/10\/decizie-g-3-participare-1.pdf\">Decizie de acordare a subven\u0163iilor de tip participare grupa 3<\/a><\/span><\/li><li><span style=\"color: #333399;\"><a style=\"color: #333399;\" href=\"http:\/\/www.upg-ploiesti.ro\/wp-content\/uploads\/2024\/10\/decizie-g-4-participare-1.pdf\">Decizie de acordare a subven\u0163iilor de tip participare grupa 4<\/a><\/span><\/li><li><span style=\"color: #333399;\"><a style=\"color: #333399;\" href=\"http:\/\/www.upg-ploiesti.ro\/wp-content\/uploads\/2024\/10\/decizie-g-3-premii-1.pdf\">Decizie de acordare a subven\u0163iilor de tip premiu grupa 3<\/a><\/span><\/li><li><span style=\"color: #333399;\"><a style=\"color: #333399;\" href=\"http:\/\/www.upg-ploiesti.ro\/wp-content\/uploads\/2024\/10\/decizie-g-4-premii-1.pdf\">Decizie de acordare a subven\u0163iilor de tip premiu grupa 4<\/a><\/span><\/li><\/ul><\/li><\/ul><\/li><\/ul>\t\t\t\t\t\t\t\t<\/div>\n\t\t\t\t<\/div>\n\t\t\t\t\t<\/div>\n\t\t\t\t<\/div>\n\t\t<div class=\"elementor-element elementor-element-dbb6af9 e-flex e-con-boxed wpr-particle-no wpr-jarallax-no wpr-parallax-no wpr-sticky-section-no wpr-equal-height-no e-con e-parent\" data-id=\"dbb6af9\" data-element_type=\"container\" data-e-type=\"container\">\n\t\t\t\t\t<div class=\"e-con-inner\">\n\t\t\t\t<div class=\"elementor-element elementor-element-aaaa0e1 elementor-widget-divider--view-line elementor-widget elementor-widget-divider\" data-id=\"aaaa0e1\" data-element_type=\"widget\" data-e-type=\"widget\" data-widget_type=\"divider.default\">\n\t\t\t\t<div class=\"elementor-widget-container\">\n\t\t\t\t\t\t\t<div class=\"elementor-divider\">\n\t\t\t<span class=\"elementor-divider-separator\">\n\t\t\t\t\t\t<\/span>\n\t\t<\/div>\n\t\t\t\t\t\t<\/div>\n\t\t\t\t<\/div>\n\t\t\t\t\t<\/div>\n\t\t\t\t<\/div>\n\t\t<div class=\"elementor-element elementor-element-f88313b e-flex e-con-boxed wpr-particle-no wpr-jarallax-no wpr-parallax-no wpr-sticky-section-no wpr-equal-height-no e-con e-parent\" data-id=\"f88313b\" data-element_type=\"container\" data-e-type=\"container\">\n\t\t\t\t\t<div class=\"e-con-inner\">\n\t\t\t\t<div class=\"elementor-element elementor-element-bf9294f elementor-widget elementor-widget-text-editor\" data-id=\"bf9294f\" data-element_type=\"widget\" data-e-type=\"widget\" data-widget_type=\"text-editor.default\">\n\t\t\t\t<div class=\"elementor-widget-container\">\n\t\t\t\t\t\t\t\t\t<h4><strong>!!! Nout\u0103\u021bi:<\/strong><\/h4><ul><li style=\"list-style-type: none;\"><ul><li>Comunicat de pres\u0103 din 28 noiembrie 2013 privind conferin\u0163a din 11 decembrie 2013\u00a0<strong>Dezvoltarea competentelor antreprenoriale \u2013 proiect si realizari<\/strong> <span style=\"color: #333399;\"><a style=\"color: #333399;\" href=\"http:\/\/www.upg-ploiesti.ro\/wp-content\/uploads\/2024\/10\/comunic_preevenim_conf_11dec2013-1.pdf\">(leg\u0103tura c\u0103tre document)<\/a><\/span> .<\/li><li>Invita\u0163ie la conferin\u0163a\u00a0din 11 decembrie 2013\u00a0<strong>Dezvoltarea competentelor antreprenoriale \u2013 proiect si realizari<\/strong> <span style=\"color: #333399;\"><a style=\"color: #333399;\" href=\"http:\/\/www.upg-ploiesti.ro\/wp-content\/uploads\/2024\/10\/invitatie_conf_11dec2013-1.pdf\">(leg\u0103tura c\u0103tre document)<\/a>\u00a0<\/span>.<\/li><li>Comunicat de pres\u0103 posteveniment din 01 iulie 2013 privind evenimentul de networking din 27 iunie 2013\u00a0<strong>Start-Up Online \u00cen Rom\u00e2nia <span style=\"color: #333399;\"><a style=\"color: #333399;\" href=\"http:\/\/www.upg-ploiesti.ro\/wp-content\/uploads\/2024\/10\/Comunicat_presa_posteveniment_WORKSHOP_Networking_27_06_2013-1.pdf\">(leg\u0103tura c\u0103tre document).<\/a><\/span><\/strong><\/li><li>Comunicat de pres\u0103 din 25 iunie 2013 privind evenimentul de networking din 27 iunie 2013\u00a0<strong>Start-Up Online \u00cen Rom\u00e2nia<span style=\"color: #333399;\"> <a style=\"color: #333399;\" href=\"http:\/\/www.upg-ploiesti.ro\/wp-content\/uploads\/2024\/10\/Comunicat_presa_WORKSHOP_Networking_27_06_2013-1.pdf\">(leg\u0103tura c\u0103tre document)<\/a>.<\/span><\/strong><\/li><li>Invita\u0163ie la evenimentul de networking\u00a0<strong>Start-Up Online \u00cen Rom\u00e2nia<span style=\"color: #333399;\"> <a style=\"color: #333399;\" href=\"http:\/\/www.upg-ploiesti.ro\/wp-content\/uploads\/2024\/10\/Invitatie_WORKSHOP_Networking_21_februarie_20131-1.pdf\">(leg\u0103tura c\u0103tre document)<\/a><a style=\"color: #333399;\" href=\"http:\/\/www.upg-ploiesti.ro\/wp-content\/uploads\/2024\/10\/Comunicat_presa_WORKSHOP_Networking_27_06_2013-1-1.pdf\">.<\/a><\/span><\/strong><\/li><li>Comunicat de pres\u0103 din 8 mai 2013 privind evenimentul de networking din 15 mai 2013\u00a0<strong>Merit\u0103 s\u0103 fii antreprenor!\u00a0<\/strong><span style=\"color: #333399;\"><strong><a style=\"color: #333399;\" href=\"http:\/\/www.upg-ploiesti.ro\/wp-content\/uploads\/2024\/10\/Comunicat_presa_WORKSHOP_15_mai_2013-1.pdf\">(leg\u0103tura c\u0103tre document).<\/a><\/strong><\/span><\/li><li>15 martie 2013: A fost realizat\u0103\u00a0<strong>\u00eemp\u0103r\u0163irea pe grupe<\/strong>:<span style=\"color: #333399;\"> <a style=\"color: #333399;\" href=\"http:\/\/www.upg-ploiesti.ro\/wp-content\/uploads\/2024\/10\/lista-grupe1.pdf\">Lista cu membrii grupelor<\/a>.<\/span> Activit\u0103\u0163ile grupei 1 \u00eencep \u00een data de 23 martie, la ora 08:00, iar activit\u0103\u0163ile\u00a0grupei 2 \u00eencep \u00een data de 30 martie, la ora 08:00.<\/li><li>12 martie 2013: A fost realizat\u0103\u00a0<strong>ierarhizarea candida\u0163ilor<\/strong>, \u00een urma testelor de evaluare: <span style=\"color: #333399;\"><a style=\"color: #333399;\" href=\"http:\/\/www.upg-ploiesti.ro\/wp-content\/uploads\/2024\/10\/rezultate-evaluare-2-1.pdf\">Lista cu rezultatele evalu\u0103rii<\/a><\/span>\u00a0. \u00cen zilele urm\u0103toare se vor desf\u0103\u015fura urm\u0103toarele activit\u0103\u0163i:<ul><li style=\"list-style-type: none;\"><ul><li>13.03.2013: depunerea contesta\u021biilor: \u00cen UPG Ploie\u015fti, la sediul DPPD, camera J II 8, \u00eentre orele 9 \u015fi 16<\/li><li>14.03.2013: solu\u021bionarea contesta\u021biilor: La sediul DPPD din UPG, \u00eentre orele 9 \u015fi 10<\/li><li>15.03.2013: afi\u0219area rezultatelor finale.<\/li><\/ul><\/li><\/ul><\/li><li><span style=\"color: #333399;\"><a style=\"color: #333399;\" href=\"http:\/\/www.upg-ploiesti.ro\/wp-content\/uploads\/2024\/10\/Agenda-seria-1-upg1-1.pdf\">Agenda de lucru pentru seria 1<\/a><\/span><\/li><li><span style=\"color: #333399;\"><a style=\"color: #333399;\" href=\"http:\/\/www.upg-ploiesti.ro\/wp-content\/uploads\/2024\/10\/Agenda-seria-2-upg1-1.pdf\">Agenda de lucru pentru seria 2<\/a><\/span><\/li><li><strong>Formular adeverin\u0163\u0103 angajat<\/strong> utilizat \u00een cadrul proiectului \u201dDezvoltarea competentelor antreprenoriale \u2013 o alternativ\u0103 eficient\u0103 de adaptare la piata muncii \u00een societatea informational\u0103\u201d <span style=\"color: #333399;\"><a style=\"color: #333399;\" href=\"http:\/\/www.upg-ploiesti.ro\/wp-content\/uploads\/2024\/10\/Adeverinta-angajat-1.doc\">(leg\u0103tura c\u0103tre document).<\/a><\/span><\/li><li>Calendar de desf\u0103\u015furare a procesului de selec\u0163ie a candida\u0163ilor pentru participare la\u00a0<strong>Programul de formare \u00een domeniul competen\u0163elor antreprenoriale <span style=\"color: #333399;\"><a style=\"color: #333399;\" href=\"http:\/\/www.upg-ploiesti.ro\/wp-content\/uploads\/2024\/10\/calendar-desf-selectie-G1-G2-1.pdf\">(leg\u0103tura c\u0103tre document).<\/a><\/span><\/strong><\/li><li>Metodologie de selec\u0163ie a participan\u0163ilor \u015fi de organizare a\u00a0<strong>Programului de formare \u00een domeniul competen\u0163elor antreprenoriale<span style=\"color: #333399;\"> <a style=\"color: #333399;\" href=\"http:\/\/www.upg-ploiesti.ro\/wp-content\/uploads\/2024\/10\/metodologie_selectie_participanti_final__05-1.pdf\">(leg\u0103tura c\u0103tre document).<\/a><\/span><\/strong><\/li><li>Oferta de formare a Proiectului POSDRU\/92\/3.1\/S\/62353 \u201eDezvoltarea competen\u0163elor antreprenoriale \u2013 o alternativ\u0103 eficient\u0103 de adaptare la pia\u0163a muncii \u00een societatea informa\u0163ional\u0103\u201d \u2013\u00a0<strong>Program de formare \u00een domeniul competen\u0163elor antreprenoriale <span style=\"color: #333399;\"><a style=\"color: #333399;\" href=\"http:\/\/www.upg-ploiesti.ro\/wp-content\/uploads\/2024\/10\/OFERTA-FORMARE-1.pdf\">(leg\u0103tura c\u0103tre document).<\/a><\/span><\/strong><\/li><li>Comunicat de pres\u0103 posteveniment din 22 februarie 2013 privind evenimentul de networking\u00a0<strong>Vino \u015fi testeaz\u0103-\u0163i ideea de afacere! (<strong><a style=\"color: #000000;\" href=\"http:\/\/www.upg-ploiesti.ro\/wp-content\/uploads\/2024\/10\/Comunicat_presa_postevenimW_Networking_21_februarie_2013-1.pdf\"><span style=\"color: #333399;\">leg\u0103tura c\u0103tre document).<\/span><\/a><\/strong>\u00a0<\/strong><\/li><li>Comunicat de pres\u0103 din 4 februarie 2013 privind\u00a0evenimentul de networking din 21 februarie 2013\u00a0<strong>Vino \u015fi testeaz\u0103-\u0163i ideea de afacere<span style=\"color: #333399;\"> <a style=\"color: #333399;\" href=\"http:\/\/www.upg-ploiesti.ro\/wp-content\/uploads\/2024\/10\/Comunicat_presa_WORKSHOP_Networking_21_februarie_2013-1.pdf\">(leg\u0103tura c\u0103tre document).<\/a><\/span><\/strong><\/li><li>Invita\u0163ie la evenimentul de networking din 21 februarie 2013\u00a0<strong>Vino \u015fi testeaz\u0103-\u0163i ideea de afacere<\/strong> <a href=\"http:\/\/www.upg-ploiesti.ro\/wp-content\/uploads\/2024\/10\/Invitatie_WORKSHOP_Networking_21_februarie_20131_0-1.pdf\"><strong><span style=\"color: #333399;\">(leg\u0103tura c\u0103tre document).<\/span><\/strong><\/a><\/li><\/ul><\/li><\/ul>\t\t\t\t\t\t\t\t<\/div>\n\t\t\t\t<\/div>\n\t\t\t\t\t<\/div>\n\t\t\t\t<\/div>\n\t\t<div class=\"elementor-element elementor-element-5d8455d e-flex e-con-boxed wpr-particle-no wpr-jarallax-no wpr-parallax-no wpr-sticky-section-no wpr-equal-height-no e-con e-parent\" data-id=\"5d8455d\" data-element_type=\"container\" data-e-type=\"container\">\n\t\t\t\t\t<div class=\"e-con-inner\">\n\t\t\t\t<div class=\"elementor-element elementor-element-78b0af7 elementor-widget-divider--view-line elementor-widget elementor-widget-divider\" data-id=\"78b0af7\" data-element_type=\"widget\" data-e-type=\"widget\" data-widget_type=\"divider.default\">\n\t\t\t\t<div class=\"elementor-widget-container\">\n\t\t\t\t\t\t\t<div class=\"elementor-divider\">\n\t\t\t<span class=\"elementor-divider-separator\">\n\t\t\t\t\t\t<\/span>\n\t\t<\/div>\n\t\t\t\t\t\t<\/div>\n\t\t\t\t<\/div>\n\t\t\t\t\t<\/div>\n\t\t\t\t<\/div>\n\t\t<div class=\"elementor-element elementor-element-5249641 e-flex e-con-boxed wpr-particle-no wpr-jarallax-no wpr-parallax-no wpr-sticky-section-no wpr-equal-height-no e-con e-parent\" data-id=\"5249641\" data-element_type=\"container\" data-e-type=\"container\">\n\t\t\t\t\t<div class=\"e-con-inner\">\n\t\t\t\t<div class=\"elementor-element elementor-element-f4780f1 elementor-widget elementor-widget-text-editor\" data-id=\"f4780f1\" data-element_type=\"widget\" data-e-type=\"widget\" data-widget_type=\"text-editor.default\">\n\t\t\t\t<div class=\"elementor-widget-container\">\n\t\t\t\t\t\t\t\t\t<h3><strong>Documente de lucru:\u00a0<\/strong><\/h3><ul><li style=\"list-style-type: none;\"><ul><li>Descrierea Centrului de asisten\u0163\u0103 antreprenoriala <span style=\"color: #333399;\"><a style=\"color: #333399;\" href=\"http:\/\/www.upg-ploiesti.ro\/wp-content\/uploads\/2024\/10\/Centrul-de-asistenta-antreprenoriala-1.doc\">(leg\u0103tura c\u0103tre document).<\/a><\/span><\/li><li>Testimoniale despre proiect<span style=\"color: #333399;\"> <a style=\"color: #333399;\" href=\"http:\/\/www.upg-ploiesti.ro\/wp-content\/uploads\/2024\/10\/Testimoniale-1.doc\">(leg\u0103tura c\u0103tre document).<\/a><\/span><\/li><li>Moduri de promovare a proiectului <span style=\"color: #333399;\"><a style=\"color: #333399;\" href=\"http:\/\/www.upg-ploiesti.ro\/wp-content\/uploads\/2024\/10\/Promovare-1.doc\">(leg\u0103tura c\u0103tre document).<\/a><\/span><\/li><\/ul><\/li><\/ul>\t\t\t\t\t\t\t\t<\/div>\n\t\t\t\t<\/div>\n\t\t\t\t\t<\/div>\n\t\t\t\t<\/div>\n\t\t<div class=\"elementor-element elementor-element-0d57a86 e-flex e-con-boxed wpr-particle-no wpr-jarallax-no wpr-parallax-no wpr-sticky-section-no wpr-equal-height-no e-con e-parent\" data-id=\"0d57a86\" data-element_type=\"container\" data-e-type=\"container\">\n\t\t\t\t\t<div class=\"e-con-inner\">\n\t\t\t\t<div class=\"elementor-element elementor-element-a1f64a1 elementor-widget-divider--view-line elementor-widget elementor-widget-divider\" data-id=\"a1f64a1\" data-element_type=\"widget\" data-e-type=\"widget\" data-widget_type=\"divider.default\">\n\t\t\t\t<div class=\"elementor-widget-container\">\n\t\t\t\t\t\t\t<div class=\"elementor-divider\">\n\t\t\t<span class=\"elementor-divider-separator\">\n\t\t\t\t\t\t<\/span>\n\t\t<\/div>\n\t\t\t\t\t\t<\/div>\n\t\t\t\t<\/div>\n\t\t\t\t\t<\/div>\n\t\t\t\t<\/div>\n\t\t<div class=\"elementor-element elementor-element-92e524d e-flex e-con-boxed wpr-particle-no wpr-jarallax-no wpr-parallax-no wpr-sticky-section-no wpr-equal-height-no e-con e-parent\" data-id=\"92e524d\" data-element_type=\"container\" data-e-type=\"container\">\n\t\t\t\t\t<div class=\"e-con-inner\">\n\t\t\t\t<div class=\"elementor-element elementor-element-546bc6d elementor-widget elementor-widget-text-editor\" data-id=\"546bc6d\" data-element_type=\"widget\" data-e-type=\"widget\" data-widget_type=\"text-editor.default\">\n\t\t\t\t<div class=\"elementor-widget-container\">\n\t\t\t\t\t\t\t\t\t<h3><strong>Anunturi precedente:<\/strong><\/h3><ul><li style=\"list-style-type: none;\"><ul><li>Comunicat de pres\u0103 posteveniment din 26 noiembrie 2012 privind evenimentul de networking\u00a0<strong>Noi curente \u00een programele de formare <span style=\"color: #333399;\"><a style=\"color: #333399;\" href=\"http:\/\/www.upg-ploiesti.ro\/wp-content\/uploads\/2024\/10\/comunicat-de-presa-posteven20NOV2012-1.pdf\">(leg\u0103tura c\u0103tre document).<\/a><\/span><\/strong><\/li><li>Comunicat de pres\u0103 din 15 noiembrie 2012 privind evenimentul de networking\u00a0<strong>Noi curente \u00een programele de formare <span style=\"color: #333399;\"><a style=\"color: #333399;\" href=\"http:\/\/www.upg-ploiesti.ro\/wp-content\/uploads\/2024\/10\/comunicat-de-presa-20NOV2012-1.pdf\">(leg\u0103tura c\u0103tre document).<\/a><\/span><\/strong><span style=\"color: #333399;\">.<\/span><\/li><li>Comunicat de pres\u0103 din 17 septembrie 2012 privind workshopul\u00a0<strong>Networking pentru tine \u015fi organiza\u0163ia ta! <span style=\"color: #333399;\"><a style=\"color: #333399;\" href=\"http:\/\/www.upg-ploiesti.ro\/wp-content\/uploads\/2024\/10\/comunicat_presa_workshop_04_11_2012-1.pdf\">(leg\u0103tura c\u0103tre document).<\/a><\/span><\/strong><\/li><li>Comunicat de pres\u0103 din 29 februarie 2012 privind\u00a0<strong>Conferin\u0163a de informare \u015fi diseminare a rezultatelor studiului privind dezvoltarea oportunit\u0103\u0163ilor antreprenoriale: ANTREPRENORIATUL \u2013 Oportunitate, abilitate, inova\u0163ie, viitor <span style=\"color: #333399;\"><a style=\"color: #333399;\" href=\"http:\/\/www.upg-ploiesti.ro\/wp-content\/uploads\/2024\/10\/Comunicat-de-presa-posteveniment-1.pdf\">(leg\u0103tura c\u0103tre document).<\/a><\/span><\/strong><\/li><li>Anun\u0163: 23 ianuarie 2012 \u2013 organizarea\u00a0<strong>Conferin\u0163ei de informare \u015fi diseminare a rezultatelor studiului final privind dezvoltarea oportunit\u0103\u0163ilor antreprenoriale: ANTREPRENORIATUL \u2013 Oportunitate, abilitate, inova\u0163ie, viitor<span style=\"color: #333399;\"> <a style=\"color: #333399;\" href=\"http:\/\/www.upg-ploiesti.ro\/wp-content\/uploads\/2024\/10\/comunicat-presa-conferinta-ANTREPRENOR_februarie-2012-2.doc\">(leg\u0103tura c\u0103tre document).<\/a><\/span><\/strong><\/li><li>Anunt: 10 mai 2011 \u2013<span style=\"color: #333399;\"> <a style=\"color: #333399;\" href=\"http:\/\/www.upg-ploiesti.ro\/wp-content\/uploads\/2024\/10\/comunicat-presa-conferinta-UPG-12-mai-1-1.doc\"> Invitatie conferinta de presa UPG<\/a><\/span><\/li><li>Anunt: 13 mai 2011 \u2013 <span style=\"color: #333399;\"><a style=\"color: #333399;\" href=\"http:\/\/www.upg-ploiesti.ro\/wp-content\/uploads\/2024\/10\/comunicat-presa-conferinta-UPG-12-mai_0-1.doc\">Comunicat de pres\u0103 Conferin\u0163a de informare \u015fi con\u015ftientizare a oportunit\u0103\u0163ilor antreprenoriale \u201cAfacerea ta: Aici, Acum, cu Noi!\u201d<\/a><\/span><\/li><li>Anun\u0163: 30 iunie 2011 \u2013 Invitatie la conferinta DESCOPERA ANTREPRENORUL DIN TINE (din cadrul proiectului Dezvoltarea competentelor antreprenoriale \u2013 o alternativa eficienta de adaptare la piata muncii in societatea informationala)<\/li><li>Anunt: 31 iunie 2011 \u2013 <span style=\"color: #333399;\"><a style=\"color: #333399;\" href=\"http:\/\/www.upg-ploiesti.ro\/wp-content\/uploads\/2024\/10\/comunicat-presa-POSTconferinta-ANTREPRENOR-30-iunie-cu-diacritice-1.doc\">Comunicat de pres\u0103 Conferin\u0163a de informare \u015fi con\u015ftientizare a oportunit\u0103\u0163ilor antreprenoriale \u201e DESCOPER\u0102 ANTREPRENORUL DIN TINE \u201d<\/a><\/span><\/li><\/ul><\/li><\/ul>\t\t\t\t\t\t\t\t<\/div>\n\t\t\t\t<\/div>\n\t\t\t\t\t<\/div>\n\t\t\t\t<\/div>\n\t\t<div class=\"elementor-element elementor-element-50ffe23 e-flex e-con-boxed wpr-particle-no wpr-jarallax-no wpr-parallax-no wpr-sticky-section-no wpr-equal-height-no e-con e-parent\" data-id=\"50ffe23\" data-element_type=\"container\" data-e-type=\"container\">\n\t\t\t\t\t<div class=\"e-con-inner\">\n\t\t\t\t<div class=\"elementor-element elementor-element-ddb48e2 elementor-widget-divider--view-line elementor-widget elementor-widget-divider\" data-id=\"ddb48e2\" data-element_type=\"widget\" data-e-type=\"widget\" data-widget_type=\"divider.default\">\n\t\t\t\t<div class=\"elementor-widget-container\">\n\t\t\t\t\t\t\t<div class=\"elementor-divider\">\n\t\t\t<span class=\"elementor-divider-separator\">\n\t\t\t\t\t\t<\/span>\n\t\t<\/div>\n\t\t\t\t\t\t<\/div>\n\t\t\t\t<\/div>\n\t\t\t\t\t<\/div>\n\t\t\t\t<\/div>\n\t\t<div class=\"elementor-element elementor-element-64e8863 e-flex e-con-boxed wpr-particle-no wpr-jarallax-no wpr-parallax-no wpr-sticky-section-no wpr-equal-height-no e-con e-parent\" data-id=\"64e8863\" data-element_type=\"container\" data-e-type=\"container\">\n\t\t\t\t\t<div class=\"e-con-inner\">\n\t\t\t\t<div class=\"elementor-element elementor-element-881085a elementor-widget elementor-widget-text-editor\" data-id=\"881085a\" data-element_type=\"widget\" data-e-type=\"widget\" data-widget_type=\"text-editor.default\">\n\t\t\t\t<div class=\"elementor-widget-container\">\n\t\t\t\t\t\t\t\t\t<p><u><strong>POSDRU\/87\/1.3.\/S\/63329<\/strong><\/u><\/p><h3><strong>Nout\u0103\u021bi:<\/strong><\/h3><ul><li style=\"list-style-type: none;\"><ul><li>Raportul final al proiectului \u201dProfesionalizarea carierei didactice \u2013 noi competen\u021be pentru actori ai schimb\u0103rilor \u00een educa\u021bie din jude\u021bele Br\u0103ila \u0219i Prahova\u201d <span style=\"color: #333399;\"><a style=\"color: #333399;\" href=\"http:\/\/www.upg-ploiesti.ro\/wp-content\/uploads\/2024\/10\/ActorED_raport_final-1.pdf\">(leg\u0103tura c\u0103tre document).<\/a><\/span><\/li><li>Comunicat de pres\u0103 din 12 septembrie 2013 \u2013\u00a0<strong>Schimb de bune practici la finalul proiectului ActorED <span style=\"color: #333399;\"><a style=\"color: #333399;\" href=\"http:\/\/www.upg-ploiesti.ro\/wp-content\/uploads\/2024\/10\/20130826_ActorEd_Comunicat-de-presa_schimb-de-bune-practici-SInaia_final_v4-1.pdf\">(leg\u0103tura c\u0103tre document).<\/a><\/span><\/strong><\/li><li>Comunicat de pres\u0103 din 9 septembrie 2013 \u2013\u00a0<strong>S-a \u00eencheiat formarea cadrelor didactice \u00een proiectul ActorED <a href=\"http:\/\/www.upg-ploiesti.ro\/wp-content\/uploads\/2024\/10\/20130906_ActorEd_Comunicat-de-presa_final-formare_AO_EIP_v3-1.pdf\"><span style=\"color: #333399;\">(leg\u0103tura c\u0103tre document)<\/span>.<\/a><\/strong><\/li><li>Comunicat de pres\u0103 din 27 august 2013 \u2013\u00a0<strong>Ultima serie de formare din cadrul proiectului ActorED a sus\u021binut examenele de evaluare final\u0103<span style=\"color: #333399;\"> <a style=\"color: #333399;\" href=\"http:\/\/www.upg-ploiesti.ro\/wp-content\/uploads\/2024\/10\/20130826_ActorEd_Comunicat-de-presa_final-seria-V_EIP_AO_final_v3-1.pdf\">(leg\u0103tura c\u0103tre document).<\/a><\/span><\/strong><\/li><li>Comunicat de pres\u0103 din 20 august 2013 \u2013\u00a0<strong>Evaluarea calit\u0103\u021bii programelor de formare la sf\u00e2r\u0219itul proiectului ActorED <span style=\"color: #333399;\"><a style=\"color: #333399;\" href=\"http:\/\/www.upg-ploiesti.ro\/wp-content\/uploads\/2024\/10\/20130814_ActorEd_Comunicat-de-presa_focus-grup-iulie_EIP_AO_MO_V3-1.pdf\">(leg\u0103tura c\u0103tre document).<\/a><\/span><\/strong><\/li><li>Comunicat de pres\u0103 din 28 februarie 2013 \u2013\u00a0<strong>Expuneri privind obiectivele orizontale ale proiectului <span style=\"color: #333399;\"><a style=\"color: #333399;\" href=\"http:\/\/www.upg-ploiesti.ro\/wp-content\/uploads\/2024\/10\/20130226_ActorEd_Comunicat-de-presa_obiective-orizontale_AO_EIP_v3.pdf\">(leg\u0103tura c\u0103tre document).<\/a><\/span><\/strong><\/li><li>Comunicat de pres\u0103 din 26 februarie 2013 \u2013\u00a0<strong>Finalizarea celei de-a patra serii de formare <span style=\"color: #333399;\"><a style=\"color: #333399;\" href=\"http:\/\/www.upg-ploiesti.ro\/wp-content\/uploads\/2024\/10\/20130225_ActorEd_Comunicat-de-presa_final-seria-IV_AO_EIP_v3-1.pdf\">(leg\u0103tura c\u0103tre document).<\/a><\/span><\/strong><\/li><li>Comunicat de pres\u0103 din 6 noiembrie 2012 <span style=\"color: #333399;\"><a style=\"color: #333399;\" href=\"http:\/\/www.upg-ploiesti.ro\/wp-content\/uploads\/2024\/10\/20121025_ActorEd_comunicat-de-presa-post-eveniment_AO_EIP_v3_final-1.pdf\">(leg\u0103tura c\u0103tre document).<\/a><\/span><\/li><\/ul><\/li><\/ul>\t\t\t\t\t\t\t\t<\/div>\n\t\t\t\t<\/div>\n\t\t\t\t\t<\/div>\n\t\t\t\t<\/div>\n\t\t<div class=\"elementor-element elementor-element-ac7953d e-flex e-con-boxed wpr-particle-no wpr-jarallax-no wpr-parallax-no wpr-sticky-section-no wpr-equal-height-no e-con e-parent\" data-id=\"ac7953d\" data-element_type=\"container\" data-e-type=\"container\">\n\t\t\t\t\t<div class=\"e-con-inner\">\n\t\t\t\t<div class=\"elementor-element elementor-element-450b2c1 elementor-widget elementor-widget-text-editor\" data-id=\"450b2c1\" data-element_type=\"widget\" data-e-type=\"widget\" data-widget_type=\"text-editor.default\">\n\t\t\t\t<div class=\"elementor-widget-container\">\n\t\t\t\t\t\t\t\t\t<h3><strong>Anunturi precedente:\u00a0<\/strong><\/h3><ul><li style=\"list-style-type: none;\"><ul><li>Comunicat de pres\u0103 din 11 octombrie 2012:\u00a0<strong>Inspectoratul \u015ecolar Jude\u0163ean Br\u0103ila organizeaz\u0103 \u00een perioada 12-14 octombrie 2012, la Predeal, evenimentul Importan\u0163a form\u0103rii ini\u0163iale \u015fi continue a cadrelor didactice, urm\u0103rind promovarea form\u0103rii ini\u0163iale continue a personalului didactic \u015fi schimbul de bune practici \u00eentre exper\u0163i implica\u0163i \u00een implementarea unor proiecte similare <span style=\"color: #333399;\"><a style=\"color: #333399;\" href=\"http:\/\/www.upg-ploiesti.ro\/wp-content\/uploads\/2024\/10\/20121010_ActorEd_comunicat-de-presa-ante-eveniment_final-1.pdf\">(leg\u0103tura c\u0103tre document).<\/a><\/span><\/strong><\/li><li>Comunicat de pres\u0103 din 27 septembrie 2012:\u00a0<strong>Clopo\u0163elul sun\u0103 \u015fi pentru cadrele didactice \u2013 A \u00eenceput a IV-a serie de formare <span style=\"color: #333399;\"><a style=\"color: #333399;\" href=\"http:\/\/www.upg-ploiesti.ro\/wp-content\/uploads\/2024\/10\/20120926_ActorEd_comunicat-de-presa_sesiunea-IV-de-formare_AO_EIP_v3-1.doc\">(leg\u0103tur\u0103 c\u0103tre document).<\/a><\/span><\/strong><\/li><li>Se organizeaz\u0103 seria a patra de formare \u00eencep\u00e2nd cu 15 septembrie 2012 <strong><span style=\"color: #333399;\"><a style=\"color: #333399;\" href=\"https:\/\/actored.masterprof.ro\/\">(leg\u0103tura c\u0103tre platforma de e-learning)<\/a>.<\/span><\/strong><\/li><li>Comunicat de pres\u0103 din 28 iunie 2012:\u00a0<strong>197 de cadre didactice au participat la \u00eent\u00e2lnirea de lucru organizat\u0103 de Inspectoratul \u015ecolar Jude\u0163ean Prahova \u015fi Casa Corpului Didactic Prahova<span style=\"color: #333399;\"> <a style=\"color: #333399;\" href=\"http:\/\/www.upg-ploiesti.ro\/wp-content\/uploads\/2024\/10\/ActorEd_comunicat-de-presa_sesiune_formare_PH_V1-1.doc\">(leg\u0103tura c\u0103tre document).<\/a><\/span><\/strong><\/li><\/ul><\/li><\/ul>\t\t\t\t\t\t\t\t<\/div>\n\t\t\t\t<\/div>\n\t\t\t\t\t<\/div>\n\t\t\t\t<\/div>\n\t\t<div class=\"elementor-element elementor-element-dc05ea6 e-flex e-con-boxed wpr-particle-no wpr-jarallax-no wpr-parallax-no wpr-sticky-section-no wpr-equal-height-no e-con e-parent\" data-id=\"dc05ea6\" data-element_type=\"container\" data-e-type=\"container\">\n\t\t\t\t\t<div class=\"e-con-inner\">\n\t\t\t\t<div class=\"elementor-element elementor-element-4956345 elementor-widget elementor-widget-spacer\" data-id=\"4956345\" data-element_type=\"widget\" data-e-type=\"widget\" data-widget_type=\"spacer.default\">\n\t\t\t\t<div class=\"elementor-widget-container\">\n\t\t\t\t\t\t\t<div class=\"elementor-spacer\">\n\t\t\t<div class=\"elementor-spacer-inner\"><\/div>\n\t\t<\/div>\n\t\t\t\t\t\t<\/div>\n\t\t\t\t<\/div>\n\t\t\t\t\t<\/div>\n\t\t\t\t<\/div>\n\t\t\t\t<\/div>\n\t\t","protected":false},"excerpt":{"rendered":"<p>Proiecte de dezvoltare: Departamentul pentru Preg\u0103tirea Personalului Didactic din cadrul Universit\u0103\u0163ii Petrol \u2013 Gaze din Ploiesti este \u00een prezent partener \u00een urm\u0103toarele dou\u0103 proiecte POSDRU: Dezvoltarea competen\u0163elor antreprenoriale \u2013 o alternativ\u0103 eficient\u0103 de adaptare la pia\u0163a muncii \u00een societatea informa\u0163ional\u0103 (POSDRU\/92\/3.1.\/ S\/ 62353); Profesionalizarea carierei didactice \u2013 noi competen\u0163e pentru actori ai schimb\u0103rilor \u00een educa\u0163ie din jude\u0163ele Prahova \u015fi Br\u0103ila (POSDRU\/87\/1.3.\/S\/63329). \u00a0Mai multe am\u0103nunte despre def\u0103\u015furarea acestor programe pot fi ob\u0163inute din documentele urm\u0103toare: POSDRU\/92\/3.1.\/ S\/ 62353 Buletine de \u015ftiri: Buletin de \u015ftiri nr. 11 \u2013 iulie 2013 Buletin de \u015ftiri nr. 10 \u2013 iunie 2013 Buletin de \u015ftiri nr. 9 \u2013 mai 2013 Buletin de \u015ftiri nr. 8 \u2013 aprilie 2013 Buletin de \u015ftiri nr. 7 \u2013 martie 2013 Buletin de \u015ftiri nr. 6 \u2013 februarie 2013 Buletin de \u015ftiri nr. 5 \u2013 ianuarie 2013 Buletin de \u015ftiri nr. 4 \u2013 decembrie 2012 Buletin de \u015ftiri nr. 3 \u2013 noiembrie 2012 Documente finalizare cursuri grupele 3 \u015fi 4:\u00a0 Proces verbal evaluare planuri de afaceri grupa 3 Proces verbal evaluare planuri de afaceri grupa 4 Proces verbal de acordare a subven\u0163iilor de tip participare grupa 3 Proces verbal de acordare a subven\u0163iilor de tip participare grupa 4 Proces verbal de acordare a subven\u0163iilor de tip premiu grupa 3 Proces verbal de acordare a subven\u0163iilor de tip premiu grupa 4 Decizie de acordare a subven\u0163iilor de tip participare grupa 3 Decizie de acordare a subven\u0163iilor de tip participare grupa 4 Decizie de acordare a subven\u0163iilor de tip premiu grupa 3 Decizie de acordare a subven\u0163iilor de tip premiu grupa 4 !!! Nout\u0103\u021bi: Comunicat de pres\u0103 din 28 noiembrie 2013 privind conferin\u0163a din 11 decembrie 2013\u00a0Dezvoltarea competentelor antreprenoriale \u2013 proiect si realizari (leg\u0103tura c\u0103tre document) . Invita\u0163ie la conferin\u0163a\u00a0din 11 decembrie 2013\u00a0Dezvoltarea competentelor antreprenoriale \u2013 proiect si realizari (leg\u0103tura c\u0103tre document)\u00a0. Comunicat de pres\u0103 posteveniment din 01 iulie 2013 privind evenimentul de networking din 27 iunie 2013\u00a0Start-Up Online \u00cen Rom\u00e2nia (leg\u0103tura c\u0103tre document). Comunicat de pres\u0103 din 25 iunie 2013 privind evenimentul de networking din 27 iunie 2013\u00a0Start-Up Online \u00cen Rom\u00e2nia (leg\u0103tura c\u0103tre document). Invita\u0163ie la evenimentul de networking\u00a0Start-Up Online \u00cen Rom\u00e2nia (leg\u0103tura c\u0103tre document). Comunicat de pres\u0103 din 8 mai 2013 privind evenimentul de networking din 15 mai 2013\u00a0Merit\u0103 s\u0103 fii antreprenor!\u00a0(leg\u0103tura c\u0103tre document). 15 martie 2013: A fost realizat\u0103\u00a0\u00eemp\u0103r\u0163irea pe grupe: Lista cu membrii grupelor. Activit\u0103\u0163ile grupei 1 \u00eencep \u00een data de 23 martie, la ora 08:00, iar activit\u0103\u0163ile\u00a0grupei 2 \u00eencep \u00een data de 30 martie, la ora 08:00. 12 martie 2013: A fost realizat\u0103\u00a0ierarhizarea candida\u0163ilor, \u00een urma testelor de evaluare: Lista cu rezultatele evalu\u0103rii\u00a0. \u00cen zilele urm\u0103toare se vor desf\u0103\u015fura urm\u0103toarele activit\u0103\u0163i: 13.03.2013: depunerea contesta\u021biilor: \u00cen UPG Ploie\u015fti, la sediul DPPD, camera J II 8, \u00eentre orele 9 \u015fi 16 14.03.2013: solu\u021bionarea contesta\u021biilor: La sediul DPPD din UPG, \u00eentre orele 9 \u015fi 10 15.03.2013: afi\u0219area rezultatelor finale. Agenda de lucru pentru seria 1 Agenda de lucru pentru seria 2 Formular adeverin\u0163\u0103 angajat utilizat \u00een cadrul proiectului \u201dDezvoltarea competentelor antreprenoriale \u2013 o alternativ\u0103 eficient\u0103 de adaptare la piata muncii \u00een societatea informational\u0103\u201d (leg\u0103tura c\u0103tre document). Calendar de desf\u0103\u015furare a procesului de selec\u0163ie a candida\u0163ilor pentru participare la\u00a0Programul de formare \u00een domeniul competen\u0163elor antreprenoriale (leg\u0103tura c\u0103tre document). Metodologie de selec\u0163ie a participan\u0163ilor \u015fi de organizare a\u00a0Programului de formare \u00een domeniul competen\u0163elor antreprenoriale (leg\u0103tura c\u0103tre document). Oferta de formare a Proiectului POSDRU\/92\/3.1\/S\/62353 \u201eDezvoltarea competen\u0163elor antreprenoriale \u2013 o alternativ\u0103 eficient\u0103 de adaptare la pia\u0163a muncii \u00een societatea informa\u0163ional\u0103\u201d \u2013\u00a0Program de formare \u00een domeniul competen\u0163elor antreprenoriale (leg\u0103tura c\u0103tre document). Comunicat de pres\u0103 posteveniment din 22 februarie 2013 privind evenimentul de networking\u00a0Vino \u015fi testeaz\u0103-\u0163i ideea de afacere! (leg\u0103tura c\u0103tre document).\u00a0 Comunicat de pres\u0103 din 4 februarie 2013 privind\u00a0evenimentul de networking din 21 februarie 2013\u00a0Vino \u015fi testeaz\u0103-\u0163i ideea de afacere (leg\u0103tura c\u0103tre document). Invita\u0163ie la evenimentul de networking din 21 februarie 2013\u00a0Vino \u015fi testeaz\u0103-\u0163i ideea de afacere (leg\u0103tura c\u0103tre document). Documente de lucru:\u00a0 Descrierea Centrului de asisten\u0163\u0103 antreprenoriala (leg\u0103tura c\u0103tre document). Testimoniale despre proiect (leg\u0103tura c\u0103tre document). Moduri de promovare a proiectului (leg\u0103tura c\u0103tre document). Anunturi precedente: Comunicat de pres\u0103 posteveniment din 26 noiembrie 2012 privind evenimentul de networking\u00a0Noi curente \u00een programele de formare (leg\u0103tura c\u0103tre document). Comunicat de pres\u0103 din 15 noiembrie 2012 privind evenimentul de networking\u00a0Noi curente \u00een programele de formare (leg\u0103tura c\u0103tre document).. Comunicat de pres\u0103 din 17 septembrie 2012 privind workshopul\u00a0Networking pentru tine \u015fi organiza\u0163ia ta! (leg\u0103tura c\u0103tre document). Comunicat de pres\u0103 din 29 februarie 2012 privind\u00a0Conferin\u0163a de informare \u015fi diseminare a rezultatelor studiului privind dezvoltarea oportunit\u0103\u0163ilor antreprenoriale: ANTREPRENORIATUL \u2013 Oportunitate, abilitate, inova\u0163ie, viitor (leg\u0103tura c\u0103tre document). Anun\u0163: 23 ianuarie 2012 \u2013 organizarea\u00a0Conferin\u0163ei de informare \u015fi diseminare a rezultatelor studiului final privind dezvoltarea oportunit\u0103\u0163ilor antreprenoriale: ANTREPRENORIATUL \u2013 Oportunitate, abilitate, inova\u0163ie, viitor (leg\u0103tura c\u0103tre document). Anunt: 10 mai 2011 \u2013 Invitatie conferinta de presa UPG Anunt: 13 mai 2011 \u2013 Comunicat de pres\u0103 Conferin\u0163a de informare \u015fi con\u015ftientizare a oportunit\u0103\u0163ilor antreprenoriale \u201cAfacerea ta: Aici, Acum, cu Noi!\u201d Anun\u0163: 30 iunie 2011 \u2013 Invitatie la conferinta DESCOPERA ANTREPRENORUL DIN TINE (din cadrul proiectului Dezvoltarea competentelor antreprenoriale \u2013 o alternativa eficienta de adaptare la piata muncii in societatea informationala) Anunt: 31 iunie 2011 \u2013 Comunicat de pres\u0103 Conferin\u0163a de informare \u015fi con\u015ftientizare a oportunit\u0103\u0163ilor antreprenoriale \u201e DESCOPER\u0102 ANTREPRENORUL DIN TINE \u201d POSDRU\/87\/1.3.\/S\/63329 Nout\u0103\u021bi: Raportul final al proiectului \u201dProfesionalizarea carierei didactice \u2013 noi competen\u021be pentru actori ai schimb\u0103rilor \u00een educa\u021bie din jude\u021bele Br\u0103ila \u0219i Prahova\u201d (leg\u0103tura c\u0103tre document). Comunicat de pres\u0103 din 12 septembrie 2013 \u2013\u00a0Schimb de bune practici la finalul proiectului ActorED (leg\u0103tura c\u0103tre document). Comunicat de pres\u0103 din 9 septembrie 2013 \u2013\u00a0S-a \u00eencheiat formarea cadrelor didactice \u00een proiectul ActorED (leg\u0103tura c\u0103tre document). Comunicat de pres\u0103 din 27 august 2013 \u2013\u00a0Ultima serie de formare din cadrul proiectului ActorED a sus\u021binut examenele de evaluare final\u0103 (leg\u0103tura c\u0103tre document). Comunicat de pres\u0103 din 20 august 2013 \u2013\u00a0Evaluarea calit\u0103\u021bii programelor de formare la sf\u00e2r\u0219itul proiectului ActorED (leg\u0103tura c\u0103tre document). Comunicat de pres\u0103 din 28 februarie 2013 \u2013\u00a0Expuneri privind obiectivele orizontale ale proiectului (leg\u0103tura c\u0103tre document). Comunicat de pres\u0103 din 26 februarie 2013 \u2013\u00a0Finalizarea celei de-a patra serii de formare (leg\u0103tura c\u0103tre document). Comunicat de pres\u0103 din 6<\/p>\n","protected":false},"author":1,"featured_media":0,"parent":0,"menu_order":0,"comment_status":"closed","ping_status":"closed","template":"","meta":{"_monsterinsights_skip_tracking":false,"_monsterinsights_sitenote_active":false,"_monsterinsights_sitenote_note":"","_monsterinsights_sitenote_category":0,"footnotes":""},"class_list":["post-7555","page","type-page","status-publish","hentry"],"_links":{"self":[{"href":"https:\/\/www.upg-ploiesti.ro\/index.php\/wp-json\/wp\/v2\/pages\/7555","targetHints":{"allow":["GET"]}}],"collection":[{"href":"https:\/\/www.upg-ploiesti.ro\/index.php\/wp-json\/wp\/v2\/pages"}],"about":[{"href":"https:\/\/www.upg-ploiesti.ro\/index.php\/wp-json\/wp\/v2\/types\/page"}],"author":[{"embeddable":true,"href":"https:\/\/www.upg-ploiesti.ro\/index.php\/wp-json\/wp\/v2\/users\/1"}],"replies":[{"embeddable":true,"href":"https:\/\/www.upg-ploiesti.ro\/index.php\/wp-json\/wp\/v2\/comments?post=7555"}],"version-history":[{"count":29,"href":"https:\/\/www.upg-ploiesti.ro\/index.php\/wp-json\/wp\/v2\/pages\/7555\/revisions"}],"predecessor-version":[{"id":9170,"href":"https:\/\/www.upg-ploiesti.ro\/index.php\/wp-json\/wp\/v2\/pages\/7555\/revisions\/9170"}],"wp:attachment":[{"href":"https:\/\/www.upg-ploiesti.ro\/index.php\/wp-json\/wp\/v2\/media?parent=7555"}],"curies":[{"name":"wp","href":"https:\/\/api.w.org\/{rel}","templated":true}]}}